{"id":2724,"date":"2021-08-23T11:48:50","date_gmt":"2021-08-23T14:48:50","guid":{"rendered":"http:\/\/zonaimaginaria.com.ar\/web\/?page_id=2724"},"modified":"2021-08-23T11:49:23","modified_gmt":"2021-08-23T14:49:23","slug":"kaminantes","status":"publish","type":"page","link":"https:\/\/zonaimaginaria.com.ar\/web\/kaminantes\/","title":{"rendered":"Kami\u00f1antes"},"content":{"rendered":"\t\t<div data-elementor-type=\"wp-page\" data-elementor-id=\"2724\" class=\"elementor elementor-2724\" data-elementor-settings=\"[]\">\n\t\t\t\t\t\t\t<div class=\"elementor-section-wrap\">\n\t\t\t\t\t\t\t<section class=\"elementor-section elementor-top-section elementor-element elementor-element-0f41509 elementor-section-boxed elementor-section-height-default elementor-section-height-default\" data-id=\"0f41509\" data-element_type=\"section\">\n\t\t\t\t\t\t<div class=\"elementor-container elementor-column-gap-default\">\n\t\t\t\t\t<div class=\"elementor-column elementor-col-100 elementor-top-column elementor-element elementor-element-64f2af3\" data-id=\"64f2af3\" data-element_type=\"column\">\n\t\t\t<div class=\"elementor-widget-wrap elementor-element-populated\">\n\t\t\t\t\t\t\t\t<div class=\"elementor-element elementor-element-5b16c86 elementor-widget elementor-widget-text-editor\" data-id=\"5b16c86\" data-element_type=\"widget\" data-widget_type=\"text-editor.default\">\n\t\t\t\t<div class=\"elementor-widget-container\">\n\t\t\t\t\t\t\t\t<p class=\"style62\" align=\"left\">Diciembre 2015\/ Visita internacional<br \/><br \/><br \/><span class=\"style64\"><br \/><\/span><strong class=\"style64\">KAMI\u00d1ANTES : MARIA Y PLUMA<\/strong><span class=\"style64\">\u00a0&#8211;<\/span>\u00a0<span class=\"style64\">QUITO, ECUADOR.<\/span><\/p><p class=\"style62\" align=\"left\"><strong>Proyecto desarrollado \u2013\u00a0<em>KAMI\u00d1ANTES<\/em><\/strong><\/p><p class=\"style1\">+ caminata abierta como forma expresiva<br \/>+ almuerzo con artistas de Zona Norte donde presentaron su trabajo<br \/>+ Realizaron xilograf\u00eda e imprimieron<br \/>+ Utilizaron las herramientas de la casa para hacer piezas textiles.<\/p><p class=\"style1\">\u00a0<\/p><table border=\"0\" width=\"803\" align=\"center\"><tbody><tr><td width=\"797\"><img loading=\"lazy\" src=\"http:\/\/zonaimaginaria.com.ar\/NEWS\/kaminante\/1.jpg\" width=\"800\" height=\"600\" \/><\/td><\/tr><\/tbody><\/table><p class=\"style1\">\u00a0<\/p><p class=\"style66\"><strong>SOBRE \/ KAMI\u00d1ANTES<\/strong><\/p><p><span class=\"style1\">KAMI\u00d1ANTE, Proyecto seleccionado en el marco de la Convocatoria Pr\u00e1cticas Colectivas Interdisciplinarias impulsada en 2015 por Fundaci\u00f3n Lebensohn. Y recibi\u00f3 un subsidio del Instituto para el Fomento de la Actividad de la Danza no Oficial del Ministerio de Cultura del Gobierno de la Ciudad de Buenos Aires.<br \/><br \/>Un camino, dos andantes: pluma (Marcelo Quillupangui) y Mar\u00eda Fernanda Gallardo Hern\u00e1ndez, artistas visuales ecuatorianos. Hace cuatro meses est\u00e1n de recorrido sobre la superficie terrestre de Ecuador, Per\u00fa, Bolivia y Argentina documentando su experiencia, su pr\u00f3ximo punto es Zona Imaginaria.<br \/><br \/><\/span><\/p><p class=\"style1\">Nos cuentan: L\u00edneas marcadas por dos andantes a trav\u00e9s del arrastre de un od\u00f3metro en el desplazamiento a pie por siete tramos desde la parroquia rural Calder\u00f3n hasta el pueblo de Caz\u00f3n. Las l\u00edneas son improntas temporales en arena, lodo o tierra y gesto intencionado en pavimento o asfalto.<br \/><br \/>Durante su estadia invitaron a una caminata a artistas de Zona Norte, y luego se realiz\u00f3 un almuerzo debate, donde presentaron su trabajo. Tambi\u00e9n aprovechando el taller de grabado, realizaron estampas de xilograf\u00eda y piezas textiles con la maquina de coser de la casa.<\/p><p class=\"style1\">\u00a0<\/p><table border=\"0\" width=\"803\" align=\"center\"><tbody><tr><td width=\"797\"><img loading=\"lazy\" src=\"http:\/\/zonaimaginaria.com.ar\/NEWS\/kaminante\/2.jpg\" alt=\"\" width=\"800\" height=\"600\" \/><br \/><br \/><img loading=\"lazy\" src=\"http:\/\/zonaimaginaria.com.ar\/NEWS\/kaminante\/3.jpg\" alt=\"\" width=\"800\" height=\"600\" \/><br \/><br \/><\/td><\/tr><\/tbody><\/table><p class=\"style1\" align=\"justify\">\u00a0<\/p><p class=\"style66\" lang=\"en-US\" xml:lang=\"en-US\" align=\"left\">Zona Imaginaria &#8211; taller + residencia<\/p><p align=\"left\"><span class=\"style1\" lang=\"en-US\" xml:lang=\"en-US\">Es un espacio abierto y activo de investigaci\u00f3n, intercambio de experiencias y capacitaci\u00f3n de artistas, con marcado inter\u00e9s en el intercambio y las relaciones interpersonales. El Taller y la Casa en Zona Imaginaria se encuentran estrechamente relacionados el uno con el otro. El\u00a0<strong>Taller<\/strong>, a trav\u00e9s de seminarios y cursos y la\u00a0<strong>Casa<\/strong>, con su proyecto de residencia \u201c<em>\u00bfQui\u00e9n puede vivir en esta casa?\u201d,\u00a0<\/em>que re\u00fane artistas nacionales, internacionales y vecinos de la zona, vinculando directamente la producci\u00f3n de cada artista con el barrio y el contexto del arte contempor\u00e1neo. + info www.zonaimaginaria.com.ar<\/span><\/p>\t\t\t\t\t\t<\/div>\n\t\t\t\t<\/div>\n\t\t\t\t\t<\/div>\n\t\t<\/div>\n\t\t\t\t\t\t\t<\/div>\n\t\t<\/section>\n\t\t\t\t\t\t<\/div>\n\t\t\t\t\t<\/div>\n\t\t","protected":false},"excerpt":{"rendered":"<p>Diciembre 2015\/ Visita internacional KAMI\u00d1ANTES : MARIA Y PLUMA\u00a0&#8211;\u00a0QUITO, ECUADOR. Proyecto desarrollado \u2013\u00a0KAMI\u00d1ANTES + caminata abierta como forma expresiva+ almuerzo con artistas de Zona Norte donde presentaron su trabajo+ Realizaron xilograf\u00eda e imprimieron+ Utilizaron las herramientas de la casa para hacer piezas textiles. \u00a0 \u00a0 SOBRE \/ KAMI\u00d1ANTES KAMI\u00d1ANTE, Proyecto seleccionado en el marco de&hellip;<\/p>\n","protected":false},"author":1,"featured_media":0,"parent":0,"menu_order":0,"comment_status":"closed","ping_status":"closed","template":"","meta":[],"_links":{"self":[{"href":"https:\/\/zonaimaginaria.com.ar\/web\/wp-json\/wp\/v2\/pages\/2724"}],"collection":[{"href":"https:\/\/zonaimaginaria.com.ar\/web\/wp-json\/wp\/v2\/pages"}],"about":[{"href":"https:\/\/zonaimaginaria.com.ar\/web\/wp-json\/wp\/v2\/types\/page"}],"author":[{"embeddable":true,"href":"https:\/\/zonaimaginaria.com.ar\/web\/wp-json\/wp\/v2\/users\/1"}],"replies":[{"embeddable":true,"href":"https:\/\/zonaimaginaria.com.ar\/web\/wp-json\/wp\/v2\/comments?post=2724"}],"version-history":[{"count":4,"href":"https:\/\/zonaimaginaria.com.ar\/web\/wp-json\/wp\/v2\/pages\/2724\/revisions"}],"predecessor-version":[{"id":2728,"href":"https:\/\/zonaimaginaria.com.ar\/web\/wp-json\/wp\/v2\/pages\/2724\/revisions\/2728"}],"wp:attachment":[{"href":"https:\/\/zonaimaginaria.com.ar\/web\/wp-json\/wp\/v2\/media?parent=2724"}],"curies":[{"name":"wp","href":"https:\/\/api.w.org\/{rel}","templated":true}]}}